{"id":20233,"date":"2025-03-27T09:40:13","date_gmt":"2025-03-27T07:40:13","guid":{"rendered":"https:\/\/www.koli.fi\/cruise-packages-for-groups\/"},"modified":"2025-04-23T15:52:15","modified_gmt":"2025-04-23T12:52:15","slug":"schifffarten-auf-dem-pielinen-see-in-koli-fur-gruppen","status":"publish","type":"page","link":"https:\/\/www.koli.fi\/de\/schifffarten-auf-dem-pielinen-see-in-koli-fur-gruppen\/","title":{"rendered":"Schifffahrten auf dem Pielinen-See in Koli f\u00fcr Gruppen\u00a0"},"content":{"rendered":"\n<p>Sie suchen nach einem einfachen und unvergesslichen Sommertag f\u00fcr Ihre Gruppe? Hier sind drei Pakete, die Kultur, eine wundersch\u00f6ne Seenlandschaft und k\u00f6stliches Essen miteinander verbinden. Perfekte Angebote f\u00fcr Gruppen mittleren Alters und Senioren \u2013 entspannte, gemeinsame Zeit ohne Hektik.\u00a0<\/p>\n\n\n\n<div class=\"wp-block-rank-math-toc-block\" id=\"rank-math-toc\"><nav><ul><li class=\"\"><a href=\"#kesainen-lounasristeily\">Sommerliche Schifffahrt\u00a0<\/a><ul><\/ul><\/li><li class=\"\"><a href=\"#tunnelmallinen-illallisristeily\">Stimmungsvolle Dinner-Cruise\u00a0\u00a0<\/a><ul><\/ul><\/li><li class=\"\"><a href=\"#kulttuuriristeily-paateriin\">Kulturkreuzfahrt nach Paateri\u00a0<\/a><ul><\/ul><\/li><\/ul><\/nav><\/div>\n\n\n\n<div style=\"height:50px\" aria-hidden=\"true\" class=\"wp-block-spacer\"><\/div>\n\n\n\n<div class=\"wp-block-columns is-layout-flex wp-container-core-columns-is-layout-28f84493 wp-block-columns-is-layout-flex\">\n<div class=\"wp-block-column is-layout-flow wp-block-column-is-layout-flow\">\n<h2 class=\"wp-block-heading\" id=\"kesainen-lounasristeily\">Sommerliche Schifffahrt\u00a0<\/h2>\n\n\n\n<p><strong>Verf\u00fcgbar:<\/strong> 14. Juni \u2013 31. August<br><strong>Gruppengr\u00f6\u00dfe:<\/strong> 30-50 Personen\u00a0<br><strong>Preis:<\/strong> ab 274 \u20ac \/ pro Person im Doppelzimmer<\/p>\n\n\n\n<figure class=\"wp-block-image size-large\"><img loading=\"lazy\" decoding=\"async\" width=\"1024\" height=\"576\" src=\"https:\/\/www.koli.fi\/wp-content\/uploads\/2025\/03\/Koli-Huippu-drone-maisema-2024-Jarno-Artika_4-1-1024x576.jpg\" alt=\"\" class=\"wp-image-19980\" srcset=\"https:\/\/www.koli.fi\/wp-content\/uploads\/2025\/03\/Koli-Huippu-drone-maisema-2024-Jarno-Artika_4-1-1024x576.jpg 1024w, https:\/\/www.koli.fi\/wp-content\/uploads\/2025\/03\/Koli-Huippu-drone-maisema-2024-Jarno-Artika_4-1-300x169.jpg 300w, https:\/\/www.koli.fi\/wp-content\/uploads\/2025\/03\/Koli-Huippu-drone-maisema-2024-Jarno-Artika_4-1-768x432.jpg 768w, https:\/\/www.koli.fi\/wp-content\/uploads\/2025\/03\/Koli-Huippu-drone-maisema-2024-Jarno-Artika_4-1-1536x864.jpg 1536w, https:\/\/www.koli.fi\/wp-content\/uploads\/2025\/03\/Koli-Huippu-drone-maisema-2024-Jarno-Artika_4-1-2048x1152.jpg 2048w, https:\/\/www.koli.fi\/wp-content\/uploads\/2025\/03\/Koli-Huippu-drone-maisema-2024-Jarno-Artika_4-1-1920x1080.jpg 1920w, https:\/\/www.koli.fi\/wp-content\/uploads\/2025\/03\/Koli-Huippu-drone-maisema-2024-Jarno-Artika_4-1-1600x900.jpg 1600w\" sizes=\"auto, (max-width: 1024px) 100vw, 1024px\"><\/figure>\n<\/div>\n\n\n\n<div class=\"wp-block-column is-layout-flow wp-block-column-is-layout-flow\">\n<h4 class=\"wp-block-heading\" id=\"tag-1\">Tag 1:\u00a0\u00a0<\/h4>\n\n\n\n<ul class=\"wp-block-list\">\n<li><strong>Abendessen im Bistro Restaurant Kolin Ryyn\u00e4nen<\/strong> (2-G\u00e4nge-Men\u00fc).\u00a0Das stimmungsvolle Restaurant serviert unvergessliche lokale K\u00f6stlichkeiten, erg\u00e4nzt durch Biere und Apfelweine aus der hauseigenen Brauerei.\u00a0<\/li>\n\n\n\n<li><strong>Unterbringung im Break Sokos Hotel Koli Kyl\u00e4<\/strong>.\u00a0Das Hotel befindet sich im Herzen des Dorfes Koli, direkt vor den Toren des Nationalparks.\u00a0<\/li>\n<\/ul>\n\n\n\n<h4 class=\"wp-block-heading\" id=\"tag-2\">Tag 2:\u00a0\u00a0<\/h4>\n\n\n\n<ul class=\"wp-block-list\">\n<li><strong>Fr\u00fchst\u00fcck im Hotel\u00a0<\/strong><\/li>\n\n\n\n<li><strong>Gef\u00fchrte Wanderung im Koli Nationalpark <\/strong>(1 Std.). Entdecken Sie die atemberaubenden Aussichten von den Koli-Bergen mit einem sachkundigen, deutschsprachigen Wanderf\u00fchrer.\u00a0<\/li>\n\n\n\n<li><strong>Besuch des Koli-Naturzentrums Ukko<\/strong>, wo Sie Wissenswertes \u00fcber die Geschichte des Nationalparks lernen.\u00a0<\/li>\n\n\n\n<li><strong>Schifffahrt auf dem Pielinen-See<\/strong> (1,5 Std.). \u00a0<br>Genie\u00dfen Sie die malerische Aussicht auf den See und die sanften H\u00fcgel des Nationalsparks an Bord der M\/S Marival.\u00a0<\/li>\n\n\n\n<li><strong>Abendessen im Hotel<\/strong>\u00a0<\/li>\n\n\n\n<li><strong>Unterkunft im Break Sokos Hotel Koli Kyl\u00e4<\/strong>\u00a0<\/li>\n<\/ul>\n\n\n\n<h4 class=\"wp-block-heading\" id=\"paiva-3\">Tag 3:<\/h4>\n\n\n\n<ul class=\"wp-block-list\">\n<li><strong>Fr\u00fchst\u00fcck im Hotel<\/strong> und Ab-\/Weiterreise\u00a0<\/li>\n<\/ul>\n\n\n\n<p><strong>Tipp:<\/strong> Machen Sie unterwegs einen Kaffee- und Einkaufsstopp im charmanten Caf\u00e9 Hedwigin Helmi im historischen Holzdorf Puu-Juuka!\u00a0<\/p>\n<\/div>\n<\/div>\n\n\n\n<div style=\"height:50px\" aria-hidden=\"true\" class=\"wp-block-spacer\"><\/div>\n\n\n\n<div class=\"wp-block-columns is-layout-flex wp-container-core-columns-is-layout-28f84493 wp-block-columns-is-layout-flex\">\n<div class=\"wp-block-column is-layout-flow wp-block-column-is-layout-flow\">\n<h2 class=\"wp-block-heading\" id=\"tunnelmallinen-illallisristeily\">Stimmungsvolle Dinner-Cruise\u00a0\u00a0<\/h2>\n\n\n\n<p><strong>Verf\u00fcgbar:<\/strong> 18. Juni \u2013 9. August<br><strong>Gruppengr\u00f6\u00dfe:<\/strong> 30-50 Personen<br><strong>Preis: <\/strong>ab 272 \u20ac \/ pro Person im Doppelzimmer\u00a0<\/p>\n\n\n\n<figure class=\"wp-block-image size-large\"><img loading=\"lazy\" decoding=\"async\" width=\"1024\" height=\"683\" src=\"https:\/\/www.koli.fi\/wp-content\/uploads\/2025\/03\/Marival-II_takakansi-1-1024x683.jpg\" alt=\"\" class=\"wp-image-19989\" srcset=\"https:\/\/www.koli.fi\/wp-content\/uploads\/2025\/03\/Marival-II_takakansi-1-1024x683.jpg 1024w, https:\/\/www.koli.fi\/wp-content\/uploads\/2025\/03\/Marival-II_takakansi-1-300x200.jpg 300w, https:\/\/www.koli.fi\/wp-content\/uploads\/2025\/03\/Marival-II_takakansi-1-768x512.jpg 768w, https:\/\/www.koli.fi\/wp-content\/uploads\/2025\/03\/Marival-II_takakansi-1-1536x1025.jpg 1536w, https:\/\/www.koli.fi\/wp-content\/uploads\/2025\/03\/Marival-II_takakansi-1-2048x1366.jpg 2048w, https:\/\/www.koli.fi\/wp-content\/uploads\/2025\/03\/Marival-II_takakansi-1-1920x1281.jpg 1920w, https:\/\/www.koli.fi\/wp-content\/uploads\/2025\/03\/Marival-II_takakansi-1-1600x1067.jpg 1600w\" sizes=\"auto, (max-width: 1024px) 100vw, 1024px\"><\/figure>\n<\/div>\n\n\n\n<div class=\"wp-block-column is-layout-flow wp-block-column-is-layout-flow\">\n<h4 class=\"wp-block-heading\" id=\"ohjelma-1\">Tag 1:\u00a0<\/h4>\n\n\n\n<ul class=\"wp-block-list\">\n<li><strong>Abendliche Dinner-Cruise<\/strong> (18.00-20.00 Uhr). \u00a0<br>Genie\u00dfen Sie ein k\u00f6stliches Abendessen mit Blick auf den Pielinen-See und den Koli Nationalpark.\u00a0<\/li>\n\n\n\n<li><strong>Unterkunft im Break Sokos Hotel Koli Kyl\u00e4<\/strong>. \u00a0<br>Dieses gem\u00fctliche Hotel befindet sich im Herzen des Dorfes Koli.\u00a0<\/li>\n<\/ul>\n\n\n\n<h4 class=\"wp-block-heading\" id=\"paiva-2-3\">Tag 2:\u00a0<\/h4>\n\n\n\n<ul class=\"wp-block-list\">\n<li><strong>\u201eLaulukimppu\u201c-Wanderung im Koli Nationalpark <\/strong>(1,5 Std.). Lassen Sie sich vom Gesang Ihres Wanderf\u00fchrers und begleitet von den Kl\u00e4ngen der Natur durch die malerischen H\u00fcgel von Koli f\u00fchren.\u00a0<\/li>\n\n\n\n<li><strong>Mittagessen am Lagerfeuer<\/strong>\u00a0<\/li>\n\n\n\n<li><strong>Gef\u00fchrter Besuch im Skulpturen-Garten.<\/strong> \u00a0<br>Hier k\u00f6nnen Sie die einzigartigen Werke eines einheimischen K\u00fcnstlers bewundern.\u00a0<\/li>\n\n\n\n<li><strong>Zeit f\u00fcr eigene Entdeckungen\u00a0<\/strong><\/li>\n\n\n\n<li><strong>Abendessen im Bistro Restaurant Kolin Ryyn\u00e4nen.<\/strong> Das in einem charmanten Blockhaus untergebrachte Restaurant im Bistro-Stil serviert schmackhafte Gerichte, die mit lokalen Zutaten zubereitet werden. Vergessen Sie nicht, die hausgebrauten Biere und Apfelweine zu probieren!\u00a0<\/li>\n\n\n\n<li><strong>Unterkunft im Break Sokos Hotel Koli Kyl\u00e4\u00a0<\/strong><\/li>\n<\/ul>\n\n\n\n<h4 class=\"wp-block-heading\" id=\"paiva-3-4\">Tag 3:\u00a0<\/h4>\n\n\n\n<p>\u2003\u2022 <strong>Fr\u00fchst\u00fcck im Hotel<\/strong> und Ab-\/Weiterreise\u00a0<\/p>\n\n\n\n<p><strong>Tipp:<\/strong> F\u00fcgen Sie eine Fahrt mit dem Sessellift zu Ihrem Programm hinzu \u2013 nur 11 \u20ac pro Person!\u00a0<\/p>\n<\/div>\n<\/div>\n\n\n\n<div style=\"height:50px\" aria-hidden=\"true\" class=\"wp-block-spacer\"><\/div>\n\n\n\n<div class=\"wp-block-columns is-layout-flex wp-container-core-columns-is-layout-28f84493 wp-block-columns-is-layout-flex\">\n<div class=\"wp-block-column is-layout-flow wp-block-column-is-layout-flow\">\n<h2 class=\"wp-block-heading\" id=\"kulttuuriristeily-paateriin\">Kulturkreuzfahrt nach Paateri\u00a0<\/h2>\n\n\n\n<p><strong>Verf\u00fcgbar:<\/strong> 18. Juni \u2013 9. August 2025<br><strong>Gruppengr\u00f6\u00dfe:<\/strong> 30-50 Personen<br><strong>Preis:<\/strong> ab 176 \u20ac \/ pro Person im Doppelzimmer\u00a0<\/p>\n\n\n\n<figure class=\"wp-block-image size-large\"><img loading=\"lazy\" decoding=\"async\" width=\"1024\" height=\"683\" src=\"https:\/\/www.koli.fi\/wp-content\/uploads\/2025\/03\/Paateri-2022-kuvat-Jarno-Artika_36-1-1024x683.jpg\" alt=\"\" class=\"wp-image-19986\" srcset=\"https:\/\/www.koli.fi\/wp-content\/uploads\/2025\/03\/Paateri-2022-kuvat-Jarno-Artika_36-1-1024x683.jpg 1024w, https:\/\/www.koli.fi\/wp-content\/uploads\/2025\/03\/Paateri-2022-kuvat-Jarno-Artika_36-1-300x200.jpg 300w, https:\/\/www.koli.fi\/wp-content\/uploads\/2025\/03\/Paateri-2022-kuvat-Jarno-Artika_36-1-768x512.jpg 768w, https:\/\/www.koli.fi\/wp-content\/uploads\/2025\/03\/Paateri-2022-kuvat-Jarno-Artika_36-1-1536x1024.jpg 1536w, https:\/\/www.koli.fi\/wp-content\/uploads\/2025\/03\/Paateri-2022-kuvat-Jarno-Artika_36-1-2048x1365.jpg 2048w, https:\/\/www.koli.fi\/wp-content\/uploads\/2025\/03\/Paateri-2022-kuvat-Jarno-Artika_36-1-1920x1280.jpg 1920w, https:\/\/www.koli.fi\/wp-content\/uploads\/2025\/03\/Paateri-2022-kuvat-Jarno-Artika_36-1-1600x1067.jpg 1600w\" sizes=\"auto, (max-width: 1024px) 100vw, 1024px\"><\/figure>\n<\/div>\n\n\n\n<div class=\"wp-block-column is-layout-flow wp-block-column-is-layout-flow\">\n<h4 class=\"wp-block-heading\" id=\"ohjelma-5\">Tag 1:\u00a0<\/h4>\n\n\n\n<ul class=\"wp-block-list\">\n<li><strong>Gef\u00fchrte Wanderung im Koli Nationalpark<\/strong> (1 Std.). Entdecken Sie die atemberaubenden Aussichten von den Koli-Bergen mit einem sachkundigen, deutschsprachigen Wanderf\u00fchrer.\u00a0<\/li>\n\n\n\n<li><strong>Abendessen im Hotel-Restaurant des Break Sokos Hotel Koli Kyl\u00e4\u00a0<\/strong><\/li>\n\n\n\n<li><strong>Unterkunft im Break Sokos Hotel Koli Kyl\u00e4<\/strong>. \u00a0<br>Das Hotel liegt im Herzen des Dorfes Koli und ist ein idealer Ausgangspunkt f\u00fcr Besucher des Nationalparks.\u00a0<\/li>\n<\/ul>\n\n\n\n<h4 class=\"wp-block-heading\" id=\"paiva-2-7\">Tag 2:\u00a0<\/h4>\n\n\n\n<ul class=\"wp-block-list\">\n<li><strong>Gef\u00fchrter Besuch im Skulpturen-Garten.<\/strong> \u00a0<br>Hier k\u00f6nnen Sie die einzigartigen Werke eines einheimischen K\u00fcnstlers bewundern.\u00a0<\/li>\n\n\n\n<li><strong>Mittagessen im Bistro Restaurant Ryyn\u00e4nen <\/strong>(Lachssuppe und Salat).\u00a0Dieses gem\u00fctliche Bistro in Blockbauweise verw\u00f6hnt Sie mit k\u00f6stlichen Gerichten aus lokalen Zutaten. Probieren Sie unbedingt die hausgebrauten Biere und Apfelweine!\u00a0<\/li>\n\n\n\n<li><strong>Fahrt nach Vuonislahti<\/strong> (1 Std.) und <strong>besuchen Sie das Atelier und die Kirche von Paateri<\/strong>.\u00a0Das Wohnhaus und das Atelier der Bildhauerin Eva Ryyn\u00e4nen sind ein beeindruckender Ort, an dem ihr k\u00fcnstlerisches Erbe sowohl in der Architektur als auch in der Bildhauerei wunderbar erhalten ist.\u00a0\u00a0<\/li>\n\n\n\n<li>Ab-\/Weiterreise\u00a0<\/li>\n<\/ul>\n\n\n\n<p><strong>Tipp:<\/strong> Besuchen Sie zus\u00e4tzlich das Pielinen-Museum in Lieksa \u2013 nur 8 \u20ac pro Person!\u00a0<\/p>\n<\/div>\n<\/div>\n\n\n\n<p><strong>\u00c4hnliche Kreuzfahrtpakete sind auch f\u00fcr den Sommer 2026 verf\u00fcgbar! <\/strong>Wenn Ihre Koli-Reise f\u00fcr den n\u00e4chsten Sommer geplant ist, kontaktieren Sie gerne unser Verkaufsteam \u2013 wir gestalten Ihr Erlebnis f\u00fcr 2026 schon jetzt gemeinsam: <a class=\"\">sales@koli.fi<\/a>.<\/p>\n\n\n\n<div style=\"height:50px\" aria-hidden=\"true\" class=\"wp-block-spacer\"><\/div>\n\n\n\n<h2 class=\"wp-block-heading\" id=\"eiko-vaihtoehdoista-loytynyt-taydellista-yhdistelmaa\">Haben Sie unter den Optionen nicht die perfekte Kombination gefunden?\u00a0<\/h2>\n\n\n\n<p>\u2714 Kein Problem \u2013 kontaktieren Sie uns, und wir stellen Ihnen anhand der Beispiele ein ma\u00dfgeschneidertes Paket f\u00fcr Ihre Gruppe zusammen.\u00a0<\/p>\n\n\n\n<p>\u2714 Optionen f\u00fcr Liebhaber von Kultur, Natur und gutem Essen.\u00a0<\/p>\n\n\n\n<p>\u2714 M\u00f6glichkeit, zus\u00e4tzliche Aktivit\u00e4ten und Stopps nach den W\u00fcnschen Ihrer Gruppe hinzuzuf\u00fcgen.\u00a0<\/p>\n\n\n\n<p>\u2714 Gut geplante Zeitpl\u00e4ne f\u00fcr unvergessliche Erlebnisse in der Koli Region.\u00a0<\/p>\n\n\n\n<p><strong>Kontaktieren Sie unser Verkaufsteam unter sales@koli.fi oder +358 50 553 3023!<\/strong>\u00a0<\/p>\n\n\n\n<div style=\"height:100px\" aria-hidden=\"true\" class=\"wp-block-spacer\"><\/div>\n","protected":false},"excerpt":{"rendered":"<p>Sie suchen nach einem einfachen und unvergesslichen Sommertag f\u00fcr Ihre Gruppe? Hier sind drei Pakete, die Kultur, eine wundersch\u00f6ne Seenlandschaft und k\u00f6stliches Essen miteinander verbinden. Perfekte Angebote f\u00fcr Gruppen mittleren Alters und Senioren &#8211; entspannte, gemeinsame Zeit ohne Hektik.&nbsp; Sommerliche Schifffahrt&nbsp; Verf\u00fcgbar: 14. Juni &#8211; 31. AugustGruppengr\u00f6\u00dfe: 30-50 Personen&nbsp;Preis: ab 274 \u20ac \/ pro Person [&hellip;]<\/p>\n","protected":false},"author":18,"featured_media":0,"parent":0,"menu_order":0,"comment_status":"closed","ping_status":"closed","template":"","meta":{"_acf_changed":false,"footnotes":""},"servicecategories":[],"class_list":["post-20233","page","type-page","status-publish","hentry"],"acf":{"hero_type":"image","hero_image":19979,"hero_video":null,"hero_title_upper":"","hero_title":"Schifffahrten auf dem Pielinen-See in Koli f\u00fcr Gruppen ","hero_text":"Unvergessliche Sommerausfl\u00fcge f\u00fcr Gruppen - drei vorgefertigte Pakete rund um die Pielinen-Schifffahrten! ","hero_link":null,"use_summer":"no","hero_type_summer":"image","hero_image_summer":null,"hero_video_summer":null,"hero_title_upper_summer":"","hero_title_summer":"","hero_text_summer":"","hero_link_summer":[""],"use_winter":"no","hero_type_winter":"image","hero_image_winter":null,"hero_video_winter":null,"hero_title_upper_winter":"","hero_title_winter":"","hero_text_winter":"","hero_link_winter":[""]},"_links":{"self":[{"href":"https:\/\/www.koli.fi\/de\/wp-json\/wp\/v2\/pages\/20233","targetHints":{"allow":["GET"]}}],"collection":[{"href":"https:\/\/www.koli.fi\/de\/wp-json\/wp\/v2\/pages"}],"about":[{"href":"https:\/\/www.koli.fi\/de\/wp-json\/wp\/v2\/types\/page"}],"author":[{"embeddable":true,"href":"https:\/\/www.koli.fi\/de\/wp-json\/wp\/v2\/users\/18"}],"replies":[{"embeddable":true,"href":"https:\/\/www.koli.fi\/de\/wp-json\/wp\/v2\/comments?post=20233"}],"version-history":[{"count":3,"href":"https:\/\/www.koli.fi\/de\/wp-json\/wp\/v2\/pages\/20233\/revisions"}],"predecessor-version":[{"id":20284,"href":"https:\/\/www.koli.fi\/de\/wp-json\/wp\/v2\/pages\/20233\/revisions\/20284"}],"wp:attachment":[{"href":"https:\/\/www.koli.fi\/de\/wp-json\/wp\/v2\/media?parent=20233"}],"wp:term":[{"taxonomy":"servicecategory","embeddable":true,"href":"https:\/\/www.koli.fi\/de\/wp-json\/wp\/v2\/servicecategories?post=20233"}],"curies":[{"name":"wp","href":"https:\/\/api.w.org\/{rel}","templated":true}]}}